{"id":3,"date":"2025-11-26T17:56:06","date_gmt":"2025-11-26T17:56:06","guid":{"rendered":"http:\/\/www.avinnaakademi.com\/?page_id=3"},"modified":"2025-11-26T21:17:22","modified_gmt":"2025-11-26T21:17:22","slug":"privacy-policy-2","status":"publish","type":"page","link":"https:\/\/www.avinnaakademi.com\/?page_id=3","title":{"rendered":"Gizlilik Politikas\u0131"},"content":{"rendered":"\n<h2 class=\"wp-block-heading\">G\u0130ZL\u0130L\u0130K POL\u0130T\u0130KASI<\/h2>\n\n\n\n<p><strong>Avinna Akademi<\/strong>\u00a0olarak, ki\u015fisel verilerinizin gizlili\u011fine ve korunmas\u0131na b\u00fcy\u00fck \u00f6nem veriyoruz. Bu gizlilik politikas\u0131,\u00a0<strong><a class=\"\" href=\"https:\/\/www.akyoldanismanlik.com.tr\/?customize_changeset_uuid=f67b6438-7284-450c-98dc-1f3e971bce3e&amp;customize_autosaved=on\">www.avinnaakademi.com<\/a><\/strong>\u00a0internet sitesi \u00fczerinden toplad\u0131\u011f\u0131m\u0131z bilgilerin ne \u015fekilde i\u015flendi\u011fini, sakland\u0131\u011f\u0131n\u0131 ve korundu\u011funu a\u00e7\u0131klamaktad\u0131r. Web sitemizi kullanarak bu politikay\u0131 kabul etmi\u015f say\u0131l\u0131rs\u0131n\u0131z.<\/p>\n\n\n\n<h3 class=\"wp-block-heading\">1. VER\u0130 SORUMLUSU<\/h3>\n\n\n\n<p>6698 say\u0131l\u0131 Ki\u015fisel Verilerin Korunmas\u0131 Kanunu (\u201cKVKK\u201d) uyar\u0131nca, ki\u015fisel verileriniz; veri sorumlusu s\u0131fat\u0131yla\u00a0<strong>Avinna Akademi<\/strong>\u00a0taraf\u0131ndan a\u015fa\u011f\u0131da a\u00e7\u0131klanan kapsamda i\u015flenebilir.<\/p>\n\n\n\n<h3 class=\"wp-block-heading\">2. TOPLANAN K\u0130\u015e\u0130SEL VER\u0130LER<\/h3>\n\n\n\n<p>Web sitemiz \u00fczerinden sundu\u011fumuz e\u011fitim, dan\u0131\u015fmanl\u0131k ve sertifikaland\u0131rma hizmetleri kapsam\u0131nda a\u015fa\u011f\u0131daki ki\u015fisel veriler toplanabilir:<\/p>\n\n\n\n<ul class=\"wp-block-list\">\n<li>Ad, soyad<\/li>\n\n\n\n<li>T.C. kimlik numaras\u0131<\/li>\n\n\n\n<li>\u0130leti\u015fim bilgileri (telefon numaras\u0131, e-posta, adres)<\/li>\n\n\n\n<li>E\u011fitim bilgileri<\/li>\n\n\n\n<li>\u00d6deme bilgileri (banka\/havale bilgisi vb.)<\/li>\n\n\n\n<li>IP adresi ve \u00e7erez (cookie) verileri<\/li>\n<\/ul>\n\n\n\n<h3 class=\"wp-block-heading\">3. K\u0130\u015e\u0130SEL VER\u0130LER\u0130N \u0130\u015eLENME AMA\u00c7LARI<\/h3>\n\n\n\n<p>Toplanan ki\u015fisel veriler, a\u015fa\u011f\u0131daki ama\u00e7larla i\u015flenmektedir:<\/p>\n\n\n\n<ul class=\"wp-block-list\">\n<li>Ba\u015fvurular\u0131n al\u0131nmas\u0131 ve de\u011ferlendirilmesi<\/li>\n\n\n\n<li>Uzaktan e\u011fitim ve belge s\u00fcre\u00e7lerinin y\u00fcr\u00fct\u00fclmesi<\/li>\n\n\n\n<li>\u00dcniversite onayl\u0131 ve e-Devlet \u00fczerinden sorgulanabilir sertifikalar\u0131n d\u00fczenlenmesi<\/li>\n\n\n\n<li>Yasal y\u00fck\u00fcml\u00fcl\u00fcklerin yerine getirilmesi<\/li>\n\n\n\n<li>\u0130leti\u015fim sa\u011flanmas\u0131, bilgilendirme yap\u0131lmas\u0131<\/li>\n\n\n\n<li>Kullan\u0131c\u0131 deneyimini iyile\u015ftirmek amac\u0131yla analiz yap\u0131lmas\u0131<\/li>\n<\/ul>\n\n\n\n<h3 class=\"wp-block-heading\">4. VER\u0130LER\u0130N AKTARILMASI<\/h3>\n\n\n\n<p>Ki\u015fisel verileriniz;<\/p>\n\n\n\n<ul class=\"wp-block-list\">\n<li>\u0130lgili \u00fcniversiteler ve e\u011fitim kurumlar\u0131<\/li>\n\n\n\n<li>Sertifika d\u00fczenleme ve e-Devlet entegrasyon s\u00fcre\u00e7lerinde yetkili kamu kurumlar\u0131<\/li>\n\n\n\n<li>Yasal zorunluluk halinde ilgili resmi merciler<\/li>\n\n\n\n<li>Sadece gerekli durumlarda teknik destek hizmeti sa\u011flayan \u00fc\u00e7\u00fcnc\u00fc ki\u015filer<\/li>\n<\/ul>\n\n\n\n<p>ile&nbsp;<strong>KVKK\u2019n\u0131n 8. ve 9. maddeleri<\/strong>&nbsp;uyar\u0131nca gerekli g\u00fcvenlik \u00f6nlemleri al\u0131narak payla\u015f\u0131labilir.<\/p>\n\n\n\n<h3 class=\"wp-block-heading\">5. \u00c7EREZ (COOKIE) KULLANIMI<\/h3>\n\n\n\n<p>Web sitemiz, kullan\u0131c\u0131 deneyimini geli\u015ftirmek ve ziyaret\u00e7i trafi\u011fini analiz etmek i\u00e7in \u00e7erezler kullanabilir. \u00c7erez kullan\u0131m\u0131n\u0131 taray\u0131c\u0131 ayarlar\u0131n\u0131zdan engelleyebilirsiniz.<\/p>\n\n\n\n<h3 class=\"wp-block-heading\">6. VER\u0130 G\u00dcVENL\u0130\u011e\u0130<\/h3>\n\n\n\n<p>Ki\u015fisel verilerinizin g\u00fcvenli\u011fi bizim i\u00e7in \u00f6nceliklidir. Yetkisiz eri\u015fimi, kayb\u0131, de\u011fi\u015ftirilmesi veya if\u015fay\u0131 \u00f6nlemek ad\u0131na gerekli teknik ve idari g\u00fcvenlik \u00f6nlemleri al\u0131nmaktad\u0131r.<\/p>\n\n\n\n<h3 class=\"wp-block-heading\">7. K\u0130\u015e\u0130SEL VER\u0130LER\u0130N\u0130ZE DA\u0130R HAKLARINIZ<\/h3>\n\n\n\n<p>KVKK\u2019n\u0131n 11. maddesi uyar\u0131nca a\u015fa\u011f\u0131daki haklara sahipsiniz:<\/p>\n\n\n\n<ul class=\"wp-block-list\">\n<li>Ki\u015fisel verinizin i\u015flenip i\u015flenmedi\u011fini \u00f6\u011frenme<\/li>\n\n\n\n<li>\u0130\u015flenmi\u015fse buna ili\u015fkin bilgi talep etme<\/li>\n\n\n\n<li>Amac\u0131na uygun kullan\u0131l\u0131p kullan\u0131lmad\u0131\u011f\u0131n\u0131 \u00f6\u011frenme<\/li>\n\n\n\n<li>Yurt i\u00e7inde veya yurt d\u0131\u015f\u0131nda aktar\u0131ld\u0131\u011f\u0131 \u00fc\u00e7\u00fcnc\u00fc ki\u015fileri bilme<\/li>\n\n\n\n<li>Eksik veya yanl\u0131\u015f i\u015flenmi\u015fse d\u00fczeltilmesini isteme<\/li>\n\n\n\n<li>Silinmesini veya yok edilmesini talep etme<\/li>\n\n\n\n<li>Bu i\u015flemlerin aktar\u0131ld\u0131\u011f\u0131 \u00fc\u00e7\u00fcnc\u00fc ki\u015filere bildirilmesini isteme<\/li>\n\n\n\n<li>\u0130\u015flenen verilerin sadece otomatik sistemler vas\u0131tas\u0131yla analiz edilmesi nedeniyle aleyhinize bir sonucun ortaya \u00e7\u0131kmas\u0131na itiraz etme<\/li>\n\n\n\n<li>Kanuna ayk\u0131r\u0131 i\u015flenmesi sebebiyle zarara u\u011framan\u0131z h\u00e2linde zarar\u0131n\u0131z\u0131n giderilmesini talep etme<\/li>\n<\/ul>\n\n\n\n<p>Taleplerinizi iletmek i\u00e7in bizimle [<strong><a>info@avinnaakademi.com<\/a><\/strong>] adresinden ileti\u015fime ge\u00e7ebilirsiniz.<\/p>\n\n\n\n<hr class=\"wp-block-separator has-alpha-channel-opacity\"\/>\n\n\n\n<p><strong>Avinna Akademi<\/strong>, bu gizlilik politikas\u0131n\u0131 mevzuat de\u011fi\u015fikliklerine veya hizmet \u015fartlar\u0131na ba\u011fl\u0131 olarak g\u00fcncelleme hakk\u0131n\u0131 sakl\u0131 tutar. G\u00fcncellemeler web sitemiz \u00fczerinden yay\u0131mlanarak y\u00fcr\u00fcrl\u00fc\u011fe girer.<\/p>\n\n\n\n<p><strong>Y\u00fcr\u00fcrl\u00fck Tarihi: 28.06.2025<\/strong><\/p>\n","protected":false},"excerpt":{"rendered":"<p>G\u0130ZL\u0130L\u0130K POL\u0130T\u0130KASI Avinna Akademi\u00a0olarak, ki\u015fisel verilerinizin gizlili\u011fine ve korunmas\u0131na b\u00fcy\u00fck \u00f6nem veriyoruz. Bu gizlilik politikas\u0131,\u00a0www.avinnaakademi.com\u00a0internet sitesi \u00fczerinden toplad\u0131\u011f\u0131m\u0131z bilgilerin ne \u015fekilde i\u015flendi\u011fini, sakland\u0131\u011f\u0131n\u0131 ve korundu\u011funu a\u00e7\u0131klamaktad\u0131r. Web sitemizi kullanarak bu politikay\u0131 kabul etmi\u015f say\u0131l\u0131rs\u0131n\u0131z. 1. VER\u0130 SORUMLUSU 6698 say\u0131l\u0131 Ki\u015fisel Verilerin Korunmas\u0131 Kanunu (\u201cKVKK\u201d) uyar\u0131nca, ki\u015fisel verileriniz; veri sorumlusu s\u0131fat\u0131yla\u00a0Avinna Akademi\u00a0taraf\u0131ndan a\u015fa\u011f\u0131da a\u00e7\u0131klanan kapsamda i\u015flenebilir. [&hellip;]<\/p>\n","protected":false},"author":1,"featured_media":0,"parent":0,"menu_order":0,"comment_status":"closed","ping_status":"open","template":"","meta":{"sfsi_plus_gutenberg_text_before_share":"","sfsi_plus_gutenberg_show_text_before_share":"","sfsi_plus_gutenberg_icon_type":"","sfsi_plus_gutenberg_icon_alignemt":"","sfsi_plus_gutenburg_max_per_row":"","elearning_container_layout":"tg-site-layout--default","elearning_sidebar_layout":"tg-site-layout--default","elearning_remove_content_margin":false,"elearning_sidebar":"default","elearning_transparent_header":"customizer","elearning_logo":0,"elearning_header_style":"default","elearning_menu_item_color":"","elearning_menu_item_hover_color":"","elearning_menu_item_active_color":"","elearning_menu_item_active_style":"","elearning_page_header":true,"_joinchat":[],"footnotes":""},"class_list":["post-3","page","type-page","status-publish","hentry"],"_links":{"self":[{"href":"https:\/\/www.avinnaakademi.com\/index.php?rest_route=\/wp\/v2\/pages\/3","targetHints":{"allow":["GET"]}}],"collection":[{"href":"https:\/\/www.avinnaakademi.com\/index.php?rest_route=\/wp\/v2\/pages"}],"about":[{"href":"https:\/\/www.avinnaakademi.com\/index.php?rest_route=\/wp\/v2\/types\/page"}],"author":[{"embeddable":true,"href":"https:\/\/www.avinnaakademi.com\/index.php?rest_route=\/wp\/v2\/users\/1"}],"replies":[{"embeddable":true,"href":"https:\/\/www.avinnaakademi.com\/index.php?rest_route=%2Fwp%2Fv2%2Fcomments&post=3"}],"version-history":[{"count":1,"href":"https:\/\/www.avinnaakademi.com\/index.php?rest_route=\/wp\/v2\/pages\/3\/revisions"}],"predecessor-version":[{"id":831,"href":"https:\/\/www.avinnaakademi.com\/index.php?rest_route=\/wp\/v2\/pages\/3\/revisions\/831"}],"wp:attachment":[{"href":"https:\/\/www.avinnaakademi.com\/index.php?rest_route=%2Fwp%2Fv2%2Fmedia&parent=3"}],"curies":[{"name":"wp","href":"https:\/\/api.w.org\/{rel}","templated":true}]}}